{"id":18554,"date":"2023-11-07T17:06:20","date_gmt":"2023-11-07T16:06:20","guid":{"rendered":"https:\/\/www.skilife.ski\/vallee-daoste\/stagione-invernale-2024-2025\/"},"modified":"2025-10-23T09:37:21","modified_gmt":"2025-10-23T07:37:21","slug":"saison-hiver-2025-2026","status":"publish","type":"page","link":"https:\/\/www.skilife.ski\/fr\/vallee-daoste\/saison-hiver-2025-2026\/","title":{"rendered":"Saison d&#8217;hiver 2025\/2026"},"content":{"rendered":"<h4 id=\"subtitle\">Les principales nouveaut\u00e9s<\/h4>\n<p><img loading=\"lazy\" decoding=\"async\" class=\"alignnone size-full\" src=\"https:\/\/www.skilife.ski\/wp-content\/uploads\/2025\/10\/skilife_novita_25-26-fr.jpg\" alt=\"\" width=\"1280\" height=\"656\"><\/p>\n<article class=\"novita\">\n<div class=\"fra_container\">\n<p>La Vall\u00e9e d\u2019Aoste se pr\u00e9pare \u00e0 accueillir les skieurs pour une saison hivernale riche en nouveaut\u00e9s, alliant innovation, s\u00e9curit\u00e9 et offres adapt\u00e9es \u00e0 un large public.<br \/>\nL\u2019ouverture officielle de la saison de ski est fix\u00e9e au <strong>25 octobre 2025<\/strong> avec l\u2019ouverture du domaine de <strong>Breuil-Cervinia<\/strong>. Les autres grandes stations suivront rapidement aux dates suivantes :<\/p>\n<ul type=\"disc\">\n<li><strong>Vendredi 28 novembre :<\/strong> Pila<\/li>\n<li><strong>Samedi 29 novembre :<\/strong> La Thuile, Courmayeur et Monterosa Ski<\/li>\n<li><strong>\u00c0 partir du 6 d\u00e9cembre :<\/strong> Les petits domaines<\/li>\n<\/ul>\n<p>En confirmant son engagement envers les familles et les jeunes, la r\u00e9gion renouvelle les r\u00e9ductions sur les skipass introduites avec succ\u00e8s la saison derni\u00e8re : une <strong>r\u00e9duction de 30 %<\/strong> sur les skipass (journaliers, multi-jours et saisonniers) pour les enfants jusqu\u2019\u00e0 16 ans et une <strong>r\u00e9duction de 20 %<\/strong> pour les jeunes de 16 \u00e0 24 ans.<br \/>\nPour les amateurs de stations plus tranquilles et d\u2019un tourisme \u201clent\u201d, le <strong>Magic Pass<\/strong> est reconfirm\u00e9. Ce produit unique permet d\u2019explorer les stations moins connues, mais tout aussi fascinantes, de la r\u00e9gion. Propos\u00e9 au prix de seulement <strong>100 euros<\/strong>, le Magic Pass comprend :<\/p>\n<ul type=\"disc\">\n<li><strong>Acc\u00e8s \u00e0 11 domaines skiables<\/strong> de la Vall\u00e9e d\u2019Aoste.<\/li>\n<li><strong>Jusqu\u2019\u00e0 6 journ\u00e9es de ski<\/strong>, dont 3 cons\u00e9cutives dans la m\u00eame station, id\u00e9ales pour prolonger le s\u00e9jour.<\/li>\n<li><strong>Une heure de cours gratuite<\/strong> avec un moniteur de ski, valable en semaine (hors p\u00e9riode de No\u00ebl et Carnaval).<\/li>\n<li><strong>H\u00e9bergement gratuit<\/strong> (pour un maximum de deux mineurs) dans les h\u00f4tels participants de la Vall\u00e9e d\u2019Aoste, une option id\u00e9ale pour les familles.<\/li>\n<\/ul>\n<\/div>\n<\/article>\n<article class=\"novita\">\n<div class=\"fra_container\">\n<h3>La Vall\u00e9e d\u2019Aoste rejoint le r\u00e9seau international Ikon Pass.<\/h3>\n<p>La Vall\u00e9e d\u2019Aoste renforce sa position sur le march\u00e9 mondial du ski en rejoignant officiellement l\u2019<strong>Ikon Pass<\/strong>, le prestigieux forfait international qui r\u00e9unit les destinations de montagne les plus renomm\u00e9es du monde.<br \/>\n\u00c0 partir de la saison d\u2019hiver 2025\/2026, les six principales soci\u00e9t\u00e9s de remont\u00e9es m\u00e9caniques vald\u00f4taines \u2014 <strong>Cervino Ski Paradise, Courmayeur Mont Blanc Funivie, La Thuile Espace San Bernardo, Monterosa Ski, Pila et Skyway Monte Bianco<\/strong> \u2014 feront partie du r\u00e9seau Ikon Pass.<br \/>\nCe partenariat strat\u00e9gique vise \u00e0 ouvrir la r\u00e9gion \u00e0 un public international, notamment au march\u00e9 nord-am\u00e9ricain, de plus en plus attir\u00e9 par les Alpes.<br \/>\nLes titulaires de l\u2019<strong>Ikon Pass<\/strong> auront acc\u00e8s \u00e0 <strong>sept journ\u00e9es de ski cumulables<\/strong> dans la Vall\u00e9e d\u2019Aoste. Pour les titulaires de l\u2019<strong>Ikon Base Pass<\/strong>, les journ\u00e9es disponibles seront <strong>cinq<\/strong>. Les deux formules permettent de skier toute la saison sans aucune restriction de dates (<strong>sans blackout<\/strong>).<br \/>\nL\u2019accord comprend \u00e9galement la possibilit\u00e9 d\u2019utiliser le skipass combin\u00e9 pour le domaine transfrontalier <strong>Cervino Ski Paradise et Zermatt<\/strong>.<\/p>\n<\/div>\n<\/article>\n<article class=\"novita\">\n<div class=\"fra_container\">\n<h3><strong>La Vall\u00e9e d\u2019Aoste investit dans la s\u00e9curit\u00e9, la qualit\u00e9 et la protection de l\u2019environnement<\/strong><\/h3>\n<p><strong>Les travaux \u201cinvisibles\u201d<\/strong><br \/>\nLes soci\u00e9t\u00e9s de remont\u00e9es m\u00e9caniques vald\u00f4taines ont profit\u00e9 de l\u2019\u00e9t\u00e9 pour achever d\u2019importants investissements destin\u00e9s \u00e0 am\u00e9liorer l\u2019exp\u00e9rience des skieurs et la s\u00e9curit\u00e9 sur les pistes.<br \/>\nEn plus des nouveaut\u00e9s visibles de la saison, de nombreux <strong>travaux \u201cinvisibles\u201d<\/strong> ont \u00e9t\u00e9 r\u00e9alis\u00e9s dans les domaines skiables pour garantir une exp\u00e9rience de haut niveau, s\u00fbre et agr\u00e9able pour tous.<br \/>\nBien qu\u2019ils ne soient pas imm\u00e9diatement visibles, ces investissements majeurs sont au c\u0153ur de la strat\u00e9gie r\u00e9gionale visant \u00e0 offrir un service impeccable et \u00e0 maintenir les standards \u00e9lev\u00e9s qui caract\u00e9risent la Vall\u00e9e d\u2019Aoste.<br \/>\nIls comprennent :<\/p>\n<ul type=\"disc\">\n<li><strong>Maintenance des remont\u00e9es m\u00e9caniques :<\/strong> Interventions cibl\u00e9es pour garantir l\u2019efficacit\u00e9 et la s\u00e9curit\u00e9 des installations.<\/li>\n<li><strong>Renforcement de l\u2019enneigement artificiel :<\/strong> Am\u00e9lioration des syst\u00e8mes existants pour assurer une couverture optimale et durable des pistes.<\/li>\n<li><strong>Entretien des pistes et syst\u00e8mes de protection :<\/strong> Travaux de maintenance et d\u2019am\u00e9lioration des pistes, y compris l\u2019installation et la v\u00e9rification des filets de protection fixes.<\/li>\n<li><strong>Maintenance des b\u00e2timents :<\/strong> Travaux de restauration et d\u2019entretien des structures pour garantir un maximum de confort aux visiteurs.<\/li>\n<\/ul>\n<p><strong>Protection de l\u2019environnement et valorisation du paysage<\/strong><br \/>\nLa R\u00e9gion autonome Vall\u00e9e d\u2019Aoste fait un pas d\u00e9cisif vers la protection de son patrimoine naturel gr\u00e2ce \u00e0 une nouvelle loi visant \u00e0 d\u00e9monter les anciennes structures de remont\u00e9es m\u00e9caniques abandonn\u00e9es.<br \/>\nGr\u00e2ce \u00e0 un financement sp\u00e9cifique, les communes concern\u00e9es et les soci\u00e9t\u00e9s de gestion pourront proc\u00e9der au d\u00e9mant\u00e8lement de ces installations obsol\u00e8tes et \u00e0 la restauration des terrains, lib\u00e9rant ainsi le paysage d\u2019\u00e9l\u00e9ments devenus inutiles et visuellement envahissants.<br \/>\nPour ce projet, la R\u00e9gion a allou\u00e9 un budget total de <strong>1,5 million d\u2019euros<\/strong> sur les trois prochaines ann\u00e9es \u2014 un investissement important r\u00e9pondant au double objectif de <strong>prot\u00e9ger l\u2019environnement et de valoriser le paysage<\/strong>, t\u00e9moignant d\u2019un engagement concret en faveur d\u2019une gestion plus responsable et durable du territoire alpin.<\/p>\n<\/div>\n<\/article>\n<h1>Les principales nouveaut\u00e9s pour la saison hivernale 2025\/2026 :<\/h1>\n<article class=\"novita\">\n<div class=\"fra_container\">\n<h3>PILA<\/h3>\n<p>L\u2019hiver 2025\u20132026 apportera un vent de nouveaut\u00e9 \u00e0 Pila avec l\u2019inauguration de la <strong>nouvelle t\u00e9l\u00e9cabine Pila\u2013Couis<\/strong>. \u00c0 partir de d\u00e9cembre 2025, cette installation r\u00e9volutionnera l\u2019acc\u00e8s \u00e0 la partie haute du domaine, offrant une exp\u00e9rience de ski et de tourisme de haut niveau, tourn\u00e9e vers la durabilit\u00e9 et l\u2019innovation.<br \/>\nLa nouvelle t\u00e9l\u00e9cabine remplace deux t\u00e9l\u00e9si\u00e8ges existants, optimisant le flux des skieurs et des visiteurs. Avec des cabines de 10 places dot\u00e9es de larges baies vitr\u00e9es, il sera possible d\u2019atteindre le sommet du Couis 1 \u00e0 2 700 m\u00e8tres en environ 15 minutes \u2014 un trajet panoramique et confortable, accessible \u00e0 tous, pas seulement aux skieurs.<br \/>\n\u00c0 l\u2019arriv\u00e9e, les visiteurs pourront admirer une vue spectaculaire sur la vall\u00e9e de Cogne et les principaux sommets vald\u00f4tains depuis le nouveau <strong>\u201cPanoramic Bistrot Stella di Pila\u201d<\/strong>. Cette structure, caract\u00e9ris\u00e9e par ses grandes baies vitr\u00e9es et ses vastes terrasses, proposera une offre gastronomique exclusive g\u00e9r\u00e9e en partenariat avec <strong>Skyway Monte Bianco<\/strong>, mettant en avant les sp\u00e9cialit\u00e9s de la Vall\u00e9e d\u2019Aoste.<br \/>\nLe projet de la t\u00e9l\u00e9cabine a \u00e9t\u00e9 con\u00e7u avec une forte attention \u00e0 la durabilit\u00e9 environnementale \u2014 syst\u00e8mes de r\u00e9cup\u00e9ration de chaleur, r\u00e9utilisation des eaux de pluie, <strong>moteurs \u00e0 faible impact et efficacit\u00e9 \u00e9nerg\u00e9tique<\/strong> permettant jusqu\u2019\u00e0 20 % d\u2019\u00e9conomie d\u2019\u00e9nergie.<br \/>\nGr\u00e2ce \u00e0 ce nouvel \u00e9quipement, la saison de ski \u00e0 Pila sera prolong\u00e9e : ouverture pr\u00e9vue le <strong>28 novembre 2025<\/strong> et fermeture le <strong>3 mai 2026<\/strong> (selon les conditions d\u2019enneigement). Pour la premi\u00e8re fois, Pila introduira la formule innovante <strong>\u201cSki &amp; Bike\u201d<\/strong>, combinant sports d\u2019hiver et activit\u00e9s de printemps : ski et snowboard dans les zones sup\u00e9rieures, tandis que le VTT sera d\u00e9j\u00e0 accessible \u00e0 l\u2019arriv\u00e9e de la t\u00e9l\u00e9cabine Les Fleurs\u2013Pila, pour une exp\u00e9rience dynamique et in\u00e9dite.<br \/>\nAutres nouveaut\u00e9s majeures pour l\u2019hiver 2025\u20132026 :<\/p>\n<ul type=\"disc\">\n<li><strong>Enneigement et pistes :<\/strong> L\u2019enneigement artificiel a \u00e9t\u00e9 compl\u00e9t\u00e9 sur les pistes reli\u00e9es \u00e0 la nouvelle t\u00e9l\u00e9cabine, y compris le skiweg vers les pistes du t\u00e9l\u00e9si\u00e8ge Couis 2.<\/li>\n<li><strong>Travaux de modernisation :<\/strong> Les pistes 27, 8 et 9 ont \u00e9t\u00e9 r\u00e9am\u00e9nag\u00e9es pour offrir une meilleure exp\u00e9rience aux skieurs et snowboarders.<\/li>\n<li><strong>Funslope r\u00e9nov\u00e9e :<\/strong> Le parcours ludique et dynamique a \u00e9t\u00e9 enti\u00e8rement renouvel\u00e9 pour le plaisir des petits et des grands.<\/li>\n<li><strong>D\u00e9p\u00f4t \u00e0 skis :<\/strong> Un grand d\u00e9p\u00f4t \u00e0 skis moderne et chauff\u00e9 a \u00e9t\u00e9 r\u00e9alis\u00e9 \u00e0 la nouvelle t\u00e9l\u00e9cabine de Pila pour garantir un maximum de confort et de praticit\u00e9 aux visiteurs.<\/li>\n<\/ul>\n<p><strong>Mises \u00e0 jour dans les autres stations<\/strong><br \/>\nLes stations de <strong>Cogne<\/strong> et <strong>Crevacol<\/strong> poursuivent leurs efforts pour am\u00e9liorer l\u2019exp\u00e9rience sur les pistes. Un important renouvellement technologique du syst\u00e8me d\u2019enneigement a \u00e9t\u00e9 achev\u00e9, garantissant des pistes de haute qualit\u00e9 et une meilleure efficacit\u00e9 de production de neige artificielle.<br \/>\n\u00c0 Cogne, la r\u00e9vision g\u00e9n\u00e9rale de la t\u00e9l\u00e9cabine \u201cPuls\u00e8\u201d, c\u0153ur de l\u2019acc\u00e8s au domaine, a \u00e9galement \u00e9t\u00e9 achev\u00e9e : elle est d\u00e9sormais pr\u00eate \u00e0 accueillir les skieurs en toute s\u00e9curit\u00e9.<\/p>\n<\/div>\n<\/article>\n<article class=\"novita\">\n<div class=\"fra_container\">\n<h3>COURMAYEUR<\/h3>\n<p>L\u2019hiver 2025\/2026 \u00e0 <strong>Courmayeur<\/strong> s\u2019annonce sous le signe de l\u2019\u00e9l\u00e9gance, de l\u2019aventure et de l\u2019excellence. Avec un d\u00e9nivel\u00e9 de plus de 1 500 m\u00e8tres, des pistes impeccables et un syst\u00e8me d\u2019enneigement couvrant 80 % du domaine, Courmayeur se pr\u00e9sente comme la destination id\u00e9ale pour ceux qui recherchent des \u00e9motions authentiques et une exp\u00e9rience de montagne compl\u00e8te.<br \/>\nOutre le ski, Courmayeur propose un large \u00e9ventail d\u2019activit\u00e9s pour vivre la montagne de mani\u00e8re unique :<\/p>\n<ul type=\"disc\">\n<li><strong>Exp\u00e9riences exclusives :<\/strong> Du <strong>ski \u00e0 l\u2019aube<\/strong> avec \u201cBuongiorno Courmayeur\u201d aux inoubliables apr\u00e8s-ski, en passant par les soir\u00e9es romantiques en motoneige avec \u201cSnow and Glow\u201d.<\/li>\n<li><strong>Avantages pour les familles :<\/strong> Les familles sont au centre de l\u2019offre, avec des skipass et activit\u00e9s d\u00e9di\u00e9s aux jeunes, ainsi qu\u2019un <strong>Mini Club<\/strong> garantissant amusement et d\u00e9tente pour tous.<\/li>\n<li><strong>Aventure et gastronomie :<\/strong> Pour les plus exp\u00e9riment\u00e9s, l\u2019aventure continue avec le <strong>freeride<\/strong> dans les couloirs de Youla et les descentes spectaculaires \u00e0 travers les for\u00eats de la Val Veny. La t\u00e9l\u00e9cabine, ouverte jusqu\u2019\u00e0 minuit, permet d\u2019acc\u00e9der \u00e0 des restaurants gastronomiques en altitude, o\u00f9 le d\u00eener devient une exp\u00e9rience inoubliable, parfois accompagn\u00e9e d\u2019un trajet en motoneige.<\/li>\n<\/ul>\n<p>L\u2019excellence reste une priorit\u00e9. Pendant l\u2019\u00e9t\u00e9, la soci\u00e9t\u00e9 a poursuivi son plan de modernisation, comprenant :<\/p>\n<ul type=\"disc\">\n<li><strong>Extension de la piste de l\u2019Arp :<\/strong> Une intervention qui am\u00e9liorera le plaisir de la glisse sur l\u2019un des trac\u00e9s les plus appr\u00e9ci\u00e9s.<\/li>\n<li><strong>Renforcement de l\u2019enneigement :<\/strong> Un investissement suppl\u00e9mentaire pour garantir des conditions optimales sur tout le domaine.<\/li>\n<\/ul>\n<p>Cette saison marque \u00e9galement un anniversaire exceptionnel : l\u2019<strong>\u00c9cole de Ski du Mont-Blanc<\/strong> f\u00eate ses <strong>90 ans<\/strong>. Fond\u00e9e en 1936, c\u2019est la plus grande d\u2019Italie et l\u2019une des plus anciennes. Depuis pr\u00e8s d\u2019un si\u00e8cle, elle transmet sa passion pour le ski et la montagne \u00e0 des g\u00e9n\u00e9rations de skieurs, des d\u00e9butants aux champions.<br \/>\nPour c\u00e9l\u00e9brer l\u2019excellence sportive de Courmayeur, la piste n\u00b014 a \u00e9t\u00e9 d\u00e9di\u00e9e \u00e0 <strong>Federica Brignone<\/strong>, premi\u00e8re Italienne \u00e0 remporter la Coupe du monde de ski alpin. Un hommage qui lie Courmayeur au talent et \u00e0 l\u2019histoire du ski international.<br \/>\n<strong>Investissements futurs<\/strong><br \/>\nL\u2019avenir se dessine d\u00e9j\u00e0 avec un projet majeur qui red\u00e9finira le c\u0153ur du domaine. Deux nouvelles t\u00e9l\u00e9cabines de derni\u00e8re g\u00e9n\u00e9ration remplaceront la t\u00e9l\u00e9cabine Checrouit et le t\u00e9l\u00e9si\u00e8ge Maison Vieille.<br \/>\nUn investissement d\u2019environ 40 millions d\u2019euros rendra l\u2019exp\u00e9rience en altitude encore plus confortable, accessible et durable.<br \/>\nDes cabines panoramiques de 10 places, spacieuses et lumineuses, offriront un confort total en toute saison : si\u00e8ges rembourr\u00e9s, portes coulissantes, ventilation optimis\u00e9e et technologie de pointe pour un fonctionnement silencieux, \u00e9conome et stable m\u00eame en cas de vent fort.<br \/>\nLe versant Checrouit sera plus fonctionnel gr\u00e2ce \u00e0 la refonte des services et \u00e0 l\u2019agrandissement de la zone d\u00e9butants de Maison Vieille, \u00e9quip\u00e9e de deux tapis modernes d\u00e9di\u00e9s aux premi\u00e8res glisses.<br \/>\nL\u2019inauguration des nouvelles t\u00e9l\u00e9cabines est pr\u00e9vue pour la saison 2026\/2027 : une \u00e9tape qui marquera un nouveau chapitre dans l\u2019histoire du domaine, o\u00f9 tradition et innovation se rejoignent pour offrir le meilleur.<\/p>\n<\/div>\n<\/article>\n<article class=\"novita\">\n<div class=\"fra_container\">\n<h3>LA THUILE &#8211; ESPACE SAN BERNARDO<\/h3>\n<p>La Thuile se pr\u00e9pare \u00e0 une saison hivernale riche en nouveaut\u00e9s, confirmant son engagement dans l\u2019am\u00e9lioration continue du domaine.<br \/>\n<strong>Projets futurs<\/strong><br \/>\nLes travaux de la <strong>nouvelle t\u00e9l\u00e9cabine Les Suches\u2013Chaz Dura<\/strong> avancent \u00e0 plein r\u00e9gime, en vue d\u2019une ouverture pr\u00e9vue pour la saison 2026\/2027. La station de vall\u00e9e, la ligne et une partie de la station interm\u00e9diaire sont presque achev\u00e9es. Pour la saison 2025\/2026, la skiabilit\u00e9 sera assur\u00e9e par les remont\u00e9es existantes, garantissant un acc\u00e8s complet au domaine en attendant la nouvelle installation.<br \/>\n<strong>Nouveaut\u00e9s et am\u00e9liorations pour 2025\/2026<\/strong><\/p>\n<ul type=\"disc\">\n<li><strong>Enneigement renforc\u00e9 :<\/strong> La ligne d\u2019enneigement de la piste 7 a \u00e9t\u00e9 prolong\u00e9e depuis le d\u00e9part du t\u00e9l\u00e9si\u00e8ge Fourclaz jusqu\u2019au refuge Lo Riondet et au croisement avec la route nationale 26, permettant d\u2019\u00e9tendre l\u2019utilisation de la piste de retour vers La Thuile.<\/li>\n<li><strong>Renouvellement du parc de dameuses :<\/strong> Poursuite du plan de modernisation avec l\u2019achat d\u2019une nouvelle dameuse standard pour maintenir des pistes toujours parfaites.<\/li>\n<li><strong>Information en temps r\u00e9el :<\/strong> Deux nouveaux panneaux LED ont \u00e9t\u00e9 install\u00e9s \u00e0 des points strat\u00e9giques du domaine, \u00e0 Chaz Dura et au Petit Saint-Bernard, en compl\u00e9ment de celui du Belv\u00e9d\u00e8re, pour fournir des informations actualis\u00e9es sur la connexion internationale avec La Rosi\u00e8re.<\/li>\n<li><strong>Funslope r\u00e9nov\u00e9e :<\/strong> La piste ludique <strong>Funslope<\/strong>, situ\u00e9e le long de la piste 11, a \u00e9t\u00e9 enti\u00e8rement r\u00e9am\u00e9nag\u00e9e pour offrir encore plus de plaisir aux petits et aux grands.<\/li>\n<\/ul>\n<p><strong>Nouveaut\u00e9s du c\u00f4t\u00e9 fran\u00e7ais : La Rosi\u00e8re<\/strong><br \/>\nDu c\u00f4t\u00e9 fran\u00e7ais, la station de La Rosi\u00e8re a \u00e9galement investi dans de nouvelles attractions :<\/p>\n<ul type=\"disc\">\n<li>La piste ludique <strong>Funcross<\/strong>, sous le t\u00e9l\u00e9si\u00e8ge du Plan du Repos, a \u00e9t\u00e9 r\u00e9nov\u00e9e.<\/li>\n<\/ul>\n<p>Un nouveau <strong>photopoint panoramique<\/strong> a \u00e9galement \u00e9t\u00e9 install\u00e9 le long de la ligne du t\u00e9l\u00e9si\u00e8ge Les Eucherts.<\/p>\n<\/div>\n<\/article>\n<article class=\"novita\">\n<div class=\"fra_container\">\n<h3>BREUIL-CERVINIA &#8211; VALTOURNENCHE<\/h3>\n<p>Alors que grandit l\u2019attente autour du projet ambitieux <strong>Cervino \u2013 The One<\/strong>, qui reliera Breuil-Cervinia \u00e0 Plateau Ros\u00e0, le domaine du <strong>Cervino Ski Paradise<\/strong> se pr\u00e9pare \u00e0 lancer la saison 2025\/2026 avec d\u2019importantes nouveaut\u00e9s et investissements pour am\u00e9liorer l\u2019exp\u00e9rience des skieurs et visiteurs.<br \/>\n<strong>Nouveaut\u00e9s \u00e0 Breuil-Cervinia<\/strong><br \/>\nLes skieurs profiteront d\u2019une mont\u00e9e encore plus confortable gr\u00e2ce aux <strong>nouvelles cabines de la t\u00e9l\u00e9cabine menant \u00e0 Plan Maison<\/strong>. Apr\u00e8s les travaux d\u2019entretien r\u00e9alis\u00e9s l\u2019an dernier, cette installation restera un \u00e9l\u00e9ment central du domaine m\u00eame apr\u00e8s la r\u00e9alisation du projet Cervino \u2013 The One.<br \/>\nDe plus, trois pistes (24, 29bis et 4) ont \u00e9t\u00e9 \u00e9quip\u00e9es d\u2019un <strong>syst\u00e8me d\u2019enneigement artificiel<\/strong>, garantissant des conditions optimales toute la saison. La zone de passage au Col du Th\u00e9odule a \u00e9galement \u00e9t\u00e9 am\u00e9lior\u00e9e, au b\u00e9n\u00e9fice des skieurs venant de Plateau Ros\u00e0 comme de ceux se dirigeant vers Zermatt.<br \/>\n<strong>Mises \u00e0 jour dans les autres domaines<\/strong><\/p>\n<ul type=\"disc\">\n<li><strong>Valtournenche :<\/strong> La piste 5\u2013Canestrini a b\u00e9n\u00e9fici\u00e9 de travaux importants d\u2019<strong>enneigement artificiel<\/strong> et de l\u2019installation d\u2019un <strong>syst\u00e8me de d\u00e9clenchement artificiel d\u2019avalanches<\/strong>, augmentant la s\u00e9curit\u00e9 et la praticit\u00e9.<\/li>\n<li><strong>Torgnon :<\/strong> Les amateurs de ski pourront d\u00e9couvrir la <strong>nouvelle piste Dampe<\/strong>. Le domaine a \u00e9galement renforc\u00e9 son syst\u00e8me d\u2019enneigement avec l\u2019installation de 24 nouveaux canons, garantissant une meilleure couverture de neige.<\/li>\n<li><strong>Chamois :<\/strong> La s\u00e9curit\u00e9 a \u00e9t\u00e9 renforc\u00e9e avec l\u2019installation de nouvelles <strong>barri\u00e8res fixes \u201cFIS A\u201d<\/strong> prot\u00e9geant les sections les plus expos\u00e9es.<\/li>\n<\/ul>\n<p>Le Cervino Ski Paradise est pr\u00eat \u00e0 accueillir les passionn\u00e9s de neige d\u00e8s l\u2019ouverture des remont\u00e9es de Breuil-Cervinia le <strong>samedi 25 octobre 2025<\/strong>.<\/p>\n<\/div>\n<\/article>\n<article class=\"novita\">\n<div class=\"fra_container\">\n<h3>MONTEROSA SKI<\/h3>\n<p>Le domaine du <strong>Monterosa Ski<\/strong> se pr\u00e9pare \u00e0 une saison pleine de nouveaut\u00e9s, avec des investissements cibl\u00e9s pour am\u00e9liorer l\u2019exp\u00e9rience des familles et des amateurs de sports de neige.<br \/>\n<strong>Parmi les principales nouveaut\u00e9s :<\/strong><\/p>\n<ul type=\"disc\">\n<li><strong>Nouvelle piste de luge \u201cMurmeltier\u201d :<\/strong> \u00c0 Staffal (Gressoney-La-Trinit\u00e9), la nouvelle piste de luge \u201cMurmeltier\u201d ouvre ses portes. Elle sera accessible tous les jours et deux soirs par semaine, offrant une activit\u00e9 ludique et familiale m\u00eame apr\u00e8s le coucher du soleil.<\/li>\n<li><strong>Enneigement renforc\u00e9 \u00e0 Champorcher :<\/strong> Un nouveau syst\u00e8me d\u2019enneigement artificiel a \u00e9t\u00e9 install\u00e9, garantissant une meilleure fiabilit\u00e9 de la neige et prolongeant la saison de ski.<\/li>\n<\/ul>\n<p><strong>Renouvellement du Baby Snow Park Sonne :<\/strong> \u00c0 Gressoney-Saint-Jean, l\u2019aire du Baby Snow Park Sonne a \u00e9t\u00e9 enti\u00e8rement agrandie et modernis\u00e9e. Le parc offre d\u00e9sormais un espace plus vaste et plus moderne, pens\u00e9 pour le plaisir et la s\u00e9curit\u00e9 des plus jeunes.<\/p>\n<\/div>\n<\/article>\n","protected":false},"excerpt":{"rendered":"Les principales nouveaut\u00e9s La Vall\u00e9e d\u2019Aoste se pr\u00e9pare \u00e0 accueillir les skieurs pour une saison hivernale riche en nouveaut\u00e9s, alliant innovation, s\u00e9curit\u00e9 et offres adapt\u00e9es \u00e0 un large public. L\u2019ouverture officielle de la saison de ski est fix\u00e9e au 25 octobre 2025 avec l\u2019ouverture du domaine de Breuil-Cervinia. Les autres grandes stations suivront rapidement aux&#8230; <a class=\"view-article\" href=\"https:\/\/www.skilife.ski\/fr\/vallee-daoste\/saison-hiver-2025-2026\/\">Voir l&#8217;article<\/a>","protected":false},"author":5,"featured_media":15692,"parent":8649,"menu_order":0,"comment_status":"closed","ping_status":"closed","template":"","meta":{"footnotes":""},"_links":{"self":[{"href":"https:\/\/www.skilife.ski\/fr\/wp-json\/wp\/v2\/pages\/18554"}],"collection":[{"href":"https:\/\/www.skilife.ski\/fr\/wp-json\/wp\/v2\/pages"}],"about":[{"href":"https:\/\/www.skilife.ski\/fr\/wp-json\/wp\/v2\/types\/page"}],"author":[{"embeddable":true,"href":"https:\/\/www.skilife.ski\/fr\/wp-json\/wp\/v2\/users\/5"}],"replies":[{"embeddable":true,"href":"https:\/\/www.skilife.ski\/fr\/wp-json\/wp\/v2\/comments?post=18554"}],"version-history":[{"count":5,"href":"https:\/\/www.skilife.ski\/fr\/wp-json\/wp\/v2\/pages\/18554\/revisions"}],"predecessor-version":[{"id":18856,"href":"https:\/\/www.skilife.ski\/fr\/wp-json\/wp\/v2\/pages\/18554\/revisions\/18856"}],"up":[{"embeddable":true,"href":"https:\/\/www.skilife.ski\/fr\/wp-json\/wp\/v2\/pages\/8649"}],"wp:featuredmedia":[{"embeddable":true,"href":"https:\/\/www.skilife.ski\/fr\/wp-json\/wp\/v2\/media\/15692"}],"wp:attachment":[{"href":"https:\/\/www.skilife.ski\/fr\/wp-json\/wp\/v2\/media?parent=18554"}],"curies":[{"name":"wp","href":"https:\/\/api.w.org\/{rel}","templated":true}]}}