{"id":9569,"date":"2022-09-01T07:30:13","date_gmt":"2022-09-01T05:30:13","guid":{"rendered":"http:\/\/www.skivallee.it\/fr\/?page_id=9569"},"modified":"2025-08-07T08:43:23","modified_gmt":"2025-08-07T06:43:23","slug":"forfaits-ski-internationaux","status":"publish","type":"page","link":"https:\/\/www.skilife.ski\/fr\/forfait-ski\/tarifs\/forfaits-ski-internationaux\/","title":{"rendered":"Forfaits-ski plusieurs jours internationaux"},"content":{"rendered":"<h4 id=\"subtitle\">Jours cons\u00e9cutifs valables dans tous le domaines de ski de la Vall\u00e9e d&#8217;Aoste (I) et Zermatt (CH)<\/h4>\n<p><!--\n\n<div style=\"display: flex; justify-content: center; align-items: center; height: 25vh; color: red; font-size: 2em; font-family: Arial, sans-serif;\">Page en cours de mise \u00e0 jour<\/div>\n\n--><\/p>\n<table class=\"table table-striped\" border=\"0\" width=\"99%\" cellspacing=\"1\" cellpadding=\"0\">\n<tbody>\n<tr>\n<td colspan=\"7\">\n<p align=\"center\"><span class=\"spacing\"><b>TARIFS SAISON<\/b><\/span><br \/>\ndu 01\/12\/2025 au 19\/12\/2025 &#8211; du 07\/01\/2026 au 23\/01\/2026 et du 09\/03\/2026 au 03\/05\/2026<\/p>\n<\/td>\n<\/tr>\n<tr class=\"head\">\n<td>&nbsp;<\/td>\n<td>\n<p align=\"center\">Adulte<\/p>\n<\/td>\n<td>\n<p align=\"center\">Enfant &lt; 8 ans<br \/>\nsimultan\u00e9<br \/>\n<span>n\u00e9s apr\u00e8s le<br \/>\n31\/10\/2017<\/span><\/p>\n<\/td>\n<td>\n<p align=\"center\">Enfant &lt; 8 ans<br \/>\n<b>NON<\/b> simultan\u00e9<br \/>\n<span>n\u00e9s apr\u00e8s le<br \/>\n31\/10\/2017<\/span><\/p>\n<\/td>\n<td>\n<p align=\"center\">Jeune 8\/16 ans<br \/>\n<span>n\u00e9s apr\u00e8s le<br \/>\n31\/10\/2009<\/span><\/p>\n<\/td>\n<td>\n<p align=\"center\">Jeune 16\/24 ans<br \/>\n<span>n\u00e9s apr\u00e8s le<br \/>\n31\/10\/2001<\/span><\/p>\n<\/td>\n<td>\n<p align=\"center\">Senior &gt; 65 ans<br \/>\n<span>n\u00e9s avant le<br \/>\n31\/05\/1961<\/span><\/p>\n<\/td>\n<\/tr>\n<tr>\n<td>6 jours**<\/td>\n<td>\n<div align=\"center\">&euro;&nbsp;419,00<\/div>\n<\/td>\n<td>\n<p align=\"center\">gratuit*<\/p>\n<\/td>\n<td>\n<div align=\"center\">&euro;&nbsp;105,00<\/div>\n<\/td>\n<td>\n<div align=\"center\">&euro;&nbsp;294,00<\/div>\n<\/td>\n<td>\n<div align=\"center\">&euro;&nbsp;335,00<\/div>\n<\/td>\n<td>\n<div align=\"center\">&euro;&nbsp;368,00<\/div>\n<\/td>\n<\/tr>\n<tr>\n<td>7 jours**<\/td>\n<td>\n<div align=\"center\">&euro;&nbsp;471,00<\/div>\n<\/td>\n<td>\n<p align=\"center\">gratuit*<\/p>\n<\/td>\n<td>\n<div align=\"center\">&euro;&nbsp;118,00<\/div>\n<\/td>\n<td>\n<div align=\"center\">&euro;&nbsp;329,00<\/div>\n<\/td>\n<td>\n<div align=\"center\">&euro;&nbsp;376,00<\/div>\n<\/td>\n<td>\n<div align=\"center\">&euro;&nbsp;414,00<\/div>\n<\/td>\n<\/tr>\n<tr>\n<td colspan=\"7\">&nbsp;<\/td>\n<\/tr>\n<tr>\n<td>13 jours***<\/td>\n<td>\n<div align=\"center\">&euro;&nbsp;749,00<\/div>\n<\/td>\n<td>\n<p align=\"center\">gratuit*<\/p>\n<\/td>\n<td>\n<div align=\"center\">&euro;&nbsp;188,00<\/div>\n<\/td>\n<td>\n<div align=\"center\">&euro;&nbsp;525,00<\/div>\n<\/td>\n<td>\n<div align=\"center\">&euro;&nbsp;599,00<\/div>\n<\/td>\n<td>\n<div align=\"center\">&euro;&nbsp;660,00<\/div>\n<\/td>\n<\/tr>\n<tr>\n<td>14 jours***<\/td>\n<td>\n<div align=\"center\">&euro;&nbsp;785,00<\/div>\n<\/td>\n<td>\n<p align=\"center\">gratuit*<\/p>\n<\/td>\n<td>\n<div align=\"center\">&euro;&nbsp;196,00<\/div>\n<\/td>\n<td>\n<div align=\"center\">&euro;&nbsp;550,00<\/div>\n<\/td>\n<td>\n<div align=\"center\">&euro;&nbsp;628,00<\/div>\n<\/td>\n<td>\n<div align=\"center\">&euro;&nbsp;690,00<\/div>\n<\/td>\n<\/tr>\n<tr>\n<td colspan=\"7\">&nbsp;<\/td>\n<\/tr>\n<\/tbody>\n<\/table>\n<p>&nbsp;<\/p>\n<table class=\"table table-striped\" border=\"0\" width=\"99%\" cellspacing=\"1\" cellpadding=\"0\">\n<tbody>\n<tr>\n<td colspan=\"7\">\n<p align=\"center\"><span class=\"spacing\"><b>TARIFS HAUTE SAISON<\/b><\/span><br \/>\ndu 20\/12\/2025 au 06\/01\/2026 et du 24\/01\/2026 au 08\/03\/2026<\/p>\n<\/td>\n<\/tr>\n<tr class=\"head\">\n<td>&nbsp;<\/td>\n<td>\n<p align=\"center\">Adulte<\/p>\n<\/td>\n<td>\n<p align=\"center\">Enfant &lt; 8 ans<br \/>\nsimultan\u00e9<br \/>\n<span>n\u00e9s apr\u00e8s le<br \/>\n31\/10\/2017<\/span><\/p>\n<\/td>\n<td>\n<p align=\"center\">Enfant &lt; 8 ans<br \/>\n<b>NON<\/b> simultan\u00e9<br \/>\n<span>n\u00e9s apr\u00e8s le<br \/>\n31\/10\/2017<\/span><\/p>\n<\/td>\n<td>\n<p align=\"center\">Jeune 8\/16 ans<br \/>\n<span>n\u00e9s apr\u00e8s le<br \/>\n31\/10\/2009<\/span><\/p>\n<\/td>\n<td>\n<p align=\"center\">Jeune 16\/24 ans<br \/>\n<span>n\u00e9s apr\u00e8s le<br \/>\n31\/10\/2001<\/span><\/p>\n<\/td>\n<td>\n<p align=\"center\">Senior &gt; 65 ans<br \/>\n<span>n\u00e9s avant le<br \/>\n31\/05\/1961<\/span><\/p>\n<\/td>\n<\/tr>\n<tr>\n<td>6 jours**<\/td>\n<td>\n<div align=\"center\">&euro;&nbsp;455,00<\/div>\n<\/td>\n<td>\n<p align=\"center\">gratuit*<\/p>\n<\/td>\n<td>\n<div align=\"center\">&euro;&nbsp;114,00<\/div>\n<\/td>\n<td>\n<div align=\"center\">&euro;&nbsp;319,00<\/div>\n<\/td>\n<td>\n<div align=\"center\">&euro;&nbsp;364,00<\/div>\n<\/td>\n<td>\n<div align=\"center\">&euro;&nbsp;401,00<\/div>\n<\/td>\n<\/tr>\n<tr>\n<td>7 jours**<\/td>\n<td>\n<div align=\"center\">&euro;&nbsp;517,00<\/div>\n<\/td>\n<td>\n<p align=\"center\">gratuit*<\/p>\n<\/td>\n<td>\n<div align=\"center\">&euro;&nbsp;130,00<\/div>\n<\/td>\n<td>\n<div align=\"center\">&euro;&nbsp;362,00<\/div>\n<\/td>\n<td>\n<div align=\"center\">&euro;&nbsp;413,00<\/div>\n<\/td>\n<td>\n<div align=\"center\">&euro;&nbsp;454,00<\/div>\n<\/td>\n<\/tr>\n<tr>\n<td colspan=\"7\">&nbsp;<\/td>\n<\/tr>\n<tr>\n<td>13 jours***<\/td>\n<td>\n<div align=\"center\">&euro;&nbsp;824,00<\/div>\n<\/td>\n<td>\n<p align=\"center\">gratuit*<\/p>\n<\/td>\n<td>\n<div align=\"center\">&euro;&nbsp;206,00<\/div>\n<\/td>\n<td>\n<div align=\"center\">&euro;&nbsp;577,00<\/div>\n<\/td>\n<td>\n<div align=\"center\">&euro;&nbsp;659,00<\/div>\n<\/td>\n<td>\n<div align=\"center\">&euro;&nbsp;725,00<\/div>\n<\/td>\n<\/tr>\n<tr>\n<td>14 jours***<\/td>\n<td>\n<div align=\"center\">&euro;&nbsp;861,00<\/div>\n<\/td>\n<td>\n<p align=\"center\">gratuit*<\/p>\n<\/td>\n<td>\n<div align=\"center\">&euro;&nbsp;216,00<\/div>\n<\/td>\n<td>\n<div align=\"center\">&euro;&nbsp;603,00<\/div>\n<\/td>\n<td>\n<div align=\"center\">&euro;&nbsp;689,00<\/div>\n<\/td>\n<td>\n<div align=\"center\">&euro;&nbsp;758,00<\/div>\n<\/td>\n<\/tr>\n<tr>\n<td colspan=\"7\">&nbsp;<\/td>\n<\/tr>\n<\/tbody>\n<\/table>\n<p>* Le <em><strong>gratuit<\/strong><\/em> n&#8217;est appliqu\u00e9 que lorsque un adulte ou un jeune &lt; 24 ans ach\u00e8te un forfait similaire. Dans le cas contraire, s&#8217;applique le tarif &lt; 8 ans NON simultan\u00e9.<\/p>\n<hr>\n<p>Pour \u00e9tablir le droit \u00e0 la r\u00e9duction relative \u00e0 l&#8217;\u00e2ge voir la page <a href=\"http:\/\/www.skilife.ski\/fr\/forfait-ski\/tarifs\/\">&#8220;Informations utiles&#8221;<\/a>.<\/p>\n<hr>\n<p>** valables sur toutes les installations de la Vall\u00e9e d&#8217;Aoste et pour&nbsp;<strong>2<\/strong>&nbsp;jours \u00e0 Zermatt.<br \/>\n*** valables sur toutes les installations de la Vall\u00e9e d&#8217;Aoste et pour&nbsp;<strong><u>3<\/u><\/strong>&nbsp;jours \u00e0 Zermatt.<\/p>\n<hr>\n<p>Vous pouvez acheter l&#8217;assurance ski &#8220;SNOWCARE&#8221; au tarif de \u20ac 3,00 par jour (tarif r\u00e9duit \u00e0 \u20ac 1,50 pour les enfants \u00e2g\u00e9s de moins de 8 ans) avec tout forfait ski r\u00e9gional pluri-journalier portant sur des journ\u00e9es cons\u00e9cutives et tout forfait international.<\/p>\n<p>&nbsp;Le service de premier soin sur les domaines skiables est payant: le co\u00fbt de l&#8217;intervention est de 200,00 \u20ac.<\/p>\n<div align=\"center\"><strong>V\u00c9RIFIEZ SI VOTRE ASSURANCE COUVRE LES PERFORMANCES, SINON ACHETEZ L&#8217;ASSURANCES &#8220;SNOWCARE&#8221; AVEC VOTRE SKIPASS<\/strong>.<\/div>\n<p align=\"center\"><a href=\"https:\/\/help.24hassistance.com\/hc\/it\/articles\/6768472143634-Snowcare-Valle-d-Aosta\" target=\"_blank\" rel=\"noopener\"><img decoding=\"async\" class=\"alignnone\" src=\"https:\/\/www.skilife.ski\/wp-content\/uploads\/2023\/11\/VDA_banner_inglese.png\" alt=\"\" width=\"500\"><\/a><\/p>\n<hr>\n<p><em><strong>N.B.:<\/strong><\/em> pour les premi\u00e8res entr\u00e9es partant de Zermatt la soci\u00e9t\u00e9 suisse impose des contraintes particuli\u00e8res.<\/p>\n<hr>\n<p><strong>Les forfaits-ski internationaux<\/strong>&nbsp;achet\u00e9s \u00e0 toute station de ski de la Vall\u00e9e d&#8217;Aoste <u>doivent \u00eatre utilis\u00e9s en Vall\u00e9e d&#8217;Aoste lors de la premi\u00e8re entr\u00e9<\/u>.<\/p>\n<hr>\n<p>Les possesseurs des forfaits pluri-journ\u00e9es, jours cons\u00e9cutifs internationaux peuvent exploiter GRATUITEMENT l&#8217;offre <a href=\"http:\/\/www.skilife.ski\/fr\/forfait-ski\/advantages-et-services\/\">&#8220;APRES SKI&#8221;<\/a><\/p>\n<hr>\n<p>En cas de mesures sp\u00e9ciales d&#8217;ordre fiscal ou relatives au taux de change, les tarifs sont susceptibles de subir des modifications.<\/p>\n","protected":false},"excerpt":{"rendered":"Jours cons\u00e9cutifs valables dans tous le domaines de ski de la Vall\u00e9e d&#8217;Aoste (I) et Zermatt (CH) TARIFS SAISON du 01\/12\/2025 au 19\/12\/2025 &#8211; du 07\/01\/2026 au 23\/01\/2026 et du 09\/03\/2026 au 03\/05\/2026 &nbsp; Adulte Enfant &lt; 8 ans simultan\u00e9 n\u00e9s apr\u00e8s le 31\/10\/2017 Enfant &lt; 8 ans NON simultan\u00e9 n\u00e9s apr\u00e8s le 31\/10\/2017 Jeune&#8230; <a class=\"view-article\" href=\"https:\/\/www.skilife.ski\/fr\/forfait-ski\/tarifs\/forfaits-ski-internationaux\/\">Voir l&#8217;article<\/a>","protected":false},"author":5,"featured_media":15781,"parent":9555,"menu_order":0,"comment_status":"closed","ping_status":"closed","template":"","meta":{"footnotes":""},"_links":{"self":[{"href":"https:\/\/www.skilife.ski\/fr\/wp-json\/wp\/v2\/pages\/9569"}],"collection":[{"href":"https:\/\/www.skilife.ski\/fr\/wp-json\/wp\/v2\/pages"}],"about":[{"href":"https:\/\/www.skilife.ski\/fr\/wp-json\/wp\/v2\/types\/page"}],"author":[{"embeddable":true,"href":"https:\/\/www.skilife.ski\/fr\/wp-json\/wp\/v2\/users\/5"}],"replies":[{"embeddable":true,"href":"https:\/\/www.skilife.ski\/fr\/wp-json\/wp\/v2\/comments?post=9569"}],"version-history":[{"count":25,"href":"https:\/\/www.skilife.ski\/fr\/wp-json\/wp\/v2\/pages\/9569\/revisions"}],"predecessor-version":[{"id":18783,"href":"https:\/\/www.skilife.ski\/fr\/wp-json\/wp\/v2\/pages\/9569\/revisions\/18783"}],"up":[{"embeddable":true,"href":"https:\/\/www.skilife.ski\/fr\/wp-json\/wp\/v2\/pages\/9555"}],"wp:featuredmedia":[{"embeddable":true,"href":"https:\/\/www.skilife.ski\/fr\/wp-json\/wp\/v2\/media\/15781"}],"wp:attachment":[{"href":"https:\/\/www.skilife.ski\/fr\/wp-json\/wp\/v2\/media?parent=9569"}],"curies":[{"name":"wp","href":"https:\/\/api.w.org\/{rel}","templated":true}]}}