{"id":9580,"date":"2022-09-01T07:30:36","date_gmt":"2022-09-01T05:30:36","guid":{"rendered":"http:\/\/www.skivallee.it\/fr\/?page_id=9580"},"modified":"2025-08-07T08:45:05","modified_gmt":"2025-08-07T06:45:05","slug":"forfaits-ski-saison-2-2","status":"publish","type":"page","link":"https:\/\/www.skilife.ski\/fr\/forfait-ski\/tarifs\/forfaits-ski-saison-2-2\/","title":{"rendered":"Forfaits ski-saison"},"content":{"rendered":"<h4 id=\"subtitle\">Tarifs forfait-ski valables pour toute la saison d&#8217;hiver dans toute la Vall\u00e9e d&#8217;Aoste ou Vall\u00e9e d&#8217;Aoste + Zermatt (CH)<\/h4>\n<p><!--\n\n<div style=\"display: flex; justify-content: center; align-items: center; height: 25vh; color: red; font-size: 2em; font-family: Arial, sans-serif;\">Page en cours de mise \u00e0 jour<\/div>\n\n--><\/p>\n<table class=\"table table-striped\" border=\"0\" width=\"99%\" cellspacing=\"1\" cellpadding=\"0\">\n<tbody>\n<tr class=\"head\">\n<td width=\"100%\" colspan=\"2\">\n<p align=\"center\"><span class=\"spacing\"><b>SKIPASS R\u00c9GIONAL VALLE D&#8217;AOSTA<\/b><\/span> validit\u00e9 du 25\/10\/2025 au 03\/05\/2026<\/p>\n<\/td>\n<\/tr>\n<tr>\n<td>ADULTE<\/td>\n<td>\n<div align=\"right\">&euro;&nbsp;1\u202f515,00<\/div>\n<\/td>\n<\/tr>\n<tr>\n<td>SENIOR &gt; 65 ans : n\u00e9s avant le 31.05.61<\/td>\n<td>\n<div align=\"right\">&euro;&nbsp;1\u202f212,00<\/div>\n<\/td>\n<\/tr>\n<tr>\n<td>JEUNES &lt; 24 ans : n\u00e9s apr\u00e8s le 31.10.01<\/td>\n<td>\n<div align=\"right\">&euro;&nbsp;1\u202f212,00<\/div>\n<\/td>\n<\/tr>\n<tr>\n<td>JUNIOR &lt; 16 ans : n\u00e9s apr\u00e8s le 31.10.09<\/td>\n<td>\n<div align=\"right\">&euro;&nbsp;1\u202f061,00<\/div>\n<\/td>\n<\/tr>\n<tr>\n<td>ENFANTS &lt; 8 ans non simultan\u00e9 : n\u00e9s apr\u00e8s le 31.10.17<\/td>\n<td>\n<div align=\"right\">&euro;&nbsp;379,00<\/div>\n<\/td>\n<\/tr>\n<tr>\n<td>ENFANTS &lt; 8 ans * : n\u00e9s apr\u00e8s le 31.10.17<\/td>\n<td>\n<div align=\"right\">gratuit<\/div>\n<\/td>\n<\/tr>\n<\/tbody>\n<\/table>\n<p>Valable sans limites dans toutes les stations de la Vall\u00e9e d&#8217;Aoste, y compris La Rosi\u00e8re (F) et Alagna (VC).<\/p>\n<hr>\n<table class=\"table table-striped\" border=\"0\" width=\"99%\" cellspacing=\"1\" cellpadding=\"0\">\n<tbody>\n<tr class=\"head\">\n<td colspan=\"2\">\n<p align=\"center\"><span class=\"spacing\"><b>SKIPASS R\u00c9GIONAL VALLE D&#8217;AOSTA + ZERMATT<\/b><\/span> validit\u00e9 du 25\/10\/2025 au 03\/05\/2026<\/p>\n<\/td>\n<\/tr>\n<tr>\n<td>ADULTE<\/td>\n<td>\n<div align=\"right\">&euro;&nbsp;1,788.00<\/div>\n<\/td>\n<\/tr>\n<tr>\n<td>SENIOR &gt; 65 ans : n\u00e9s avant le 31.05.61<\/td>\n<td>\n<div align=\"right\">&euro;&nbsp;1,430.00<\/div>\n<\/td>\n<\/tr>\n<tr>\n<td>JEUNES &lt; 24 ans : n\u00e9s apr\u00e8s le 31.10.01<\/td>\n<td>\n<div align=\"right\">&euro;&nbsp;1,430.00<\/div>\n<\/td>\n<\/tr>\n<tr>\n<td>JUNIOR &lt; 16 ans : n\u00e9s apr\u00e8s le 31.10.09<\/td>\n<td>\n<div align=\"right\">&euro;&nbsp;1,252.00<\/div>\n<\/td>\n<\/tr>\n<tr>\n<td>ENFANTS &lt; 8 ans non simultan\u00e9 : n\u00e9s apr\u00e8s le 31.10.17<\/td>\n<td>\n<div align=\"right\">&euro;&nbsp;447.00<\/div>\n<\/td>\n<\/tr>\n<tr>\n<td>ENFANTS &lt; 8 ans * : n\u00e9s apr\u00e8s le 31.10.17<\/td>\n<td>\n<div align=\"right\">free<\/div>\n<\/td>\n<\/tr>\n<\/tbody>\n<\/table>\n<p>Valable sans aucune limite dans toutes les stations de la Vall\u00e9e d&#8217;Aoste, ainsi que dans les stations de&nbsp;La&nbsp; Rosi\u00e8re (France) de Alagna (VC &#8211; Italie) et du domaine skiable de Zermatt (CH).<\/p>\n<hr>\n<p>*Le gratuit s&#8217;applique uniquement si un adulte ou un jeune de moins de 24 ans ach\u00e8te simultan\u00e9ment un forfait saison.<\/p>\n<hr>\n<p><u><strong>N.B.:<\/strong><\/u> pour les premi\u00e8res entr\u00e9es partant de Zermatt la soci\u00e9t\u00e9 suisse impose des contraintes particuli\u00e8res aux possesseurs des forfaits de ski saisonniers r\u00e9gionaux, en ne leur permettant que 2 entr\u00e9es par mois partant de Zermatt.<\/p>\n<hr>\n<p>Pour \u00e9tablir le droit \u00e0 la r\u00e9duction relative \u00e0 l&#8217;\u00e2ge voir la page <a href=\"http:\/\/www.skilife.ski\/fr\/forfait-ski\/tarifs\/\">&#8220;Informations utiles&#8221;<\/a>.<\/p>\n<hr>\n<div align=\"center\">&nbsp;<\/div>\n<p>Tous les&nbsp;<strong>FORFAITS DE SKI SAISONNIERS REGIONAUX<\/strong>&nbsp;entier offrent&nbsp;<strong>GRATUITEMENT:<\/strong><\/p>\n<ul>\n<li style=\"list-style-type: none;\">\n<ul>\n<li>&#8220;SKI DECOUVERTE&#8221;<\/li>\n<\/ul>\n<\/li>\n<\/ul>\n<p>&nbsp;<\/p>\n<ul>\n<li>&#8220;ASSURANCE&#8221; accidents, service de premier soin, assistance et responsabilit\u00e9 civile<\/li>\n<li>entr\u00e9e aux &#8220;BABY PARKS&#8221;<\/li>\n<li>entr\u00e9e dans les structures de l&#8217; &#8220;APRES SKI&#8221;<br \/>\n(voir \u00e0 la page &#8220;SKIPASS\/INFORMATIONS UTILES&#8221;)<\/li>\n<li>vol en balloon&nbsp;<strong><u>A PRIX REDUIT<\/u><\/strong>&nbsp;aupr\u00e8s de CHARBONNIER BALLOON SNC<\/li>\n<\/ul>\n<p>Plus d&#8217;infos \u00e0 la page <a href=\"http:\/\/www.skilife.ski\/fr\/forfait-ski\/advantages-et-services\/\">&#8220;Avantages et Services&#8221;<\/a>.<\/p>\n<hr>\n<p>Tous les forfaits saison sont obligatoirement nominatifs et par cons\u00e9quence non cessibles. Toute infraction sera condamn\u00e9e selon les modalit\u00e9s en vigueur dans le r\u00e8glement. Plus d&#8217;infos \u00e0 la page <a href=\"http:\/\/www.skilife.ski\/fr\/forfait-ski\/reglement\/\">&#8220;R\u00e8glement&#8221;<\/a>.<\/p>\n<hr>\n<p>En cas de mesures sp\u00e9ciales d&#8217;ordre fiscal ou relatives au taux de change, les tarifs sont susceptibles de subir des modifications.<\/p>\n","protected":false},"excerpt":{"rendered":"Tarifs forfait-ski valables pour toute la saison d&#8217;hiver dans toute la Vall\u00e9e d&#8217;Aoste ou Vall\u00e9e d&#8217;Aoste + Zermatt (CH) SKIPASS R\u00c9GIONAL VALLE D&#8217;AOSTA validit\u00e9 du 25\/10\/2025 au 03\/05\/2026 ADULTE &euro;&nbsp;1\u202f515,00 SENIOR &gt; 65 ans : n\u00e9s avant le 31.05.61 &euro;&nbsp;1\u202f212,00 JEUNES &lt; 24 ans : n\u00e9s apr\u00e8s le 31.10.01 &euro;&nbsp;1\u202f212,00 JUNIOR &lt; 16 ans :&#8230; <a class=\"view-article\" href=\"https:\/\/www.skilife.ski\/fr\/forfait-ski\/tarifs\/forfaits-ski-saison-2-2\/\">Voir l&#8217;article<\/a>","protected":false},"author":5,"featured_media":15769,"parent":9555,"menu_order":0,"comment_status":"closed","ping_status":"closed","template":"","meta":{"footnotes":""},"_links":{"self":[{"href":"https:\/\/www.skilife.ski\/fr\/wp-json\/wp\/v2\/pages\/9580"}],"collection":[{"href":"https:\/\/www.skilife.ski\/fr\/wp-json\/wp\/v2\/pages"}],"about":[{"href":"https:\/\/www.skilife.ski\/fr\/wp-json\/wp\/v2\/types\/page"}],"author":[{"embeddable":true,"href":"https:\/\/www.skilife.ski\/fr\/wp-json\/wp\/v2\/users\/5"}],"replies":[{"embeddable":true,"href":"https:\/\/www.skilife.ski\/fr\/wp-json\/wp\/v2\/comments?post=9580"}],"version-history":[{"count":35,"href":"https:\/\/www.skilife.ski\/fr\/wp-json\/wp\/v2\/pages\/9580\/revisions"}],"predecessor-version":[{"id":18785,"href":"https:\/\/www.skilife.ski\/fr\/wp-json\/wp\/v2\/pages\/9580\/revisions\/18785"}],"up":[{"embeddable":true,"href":"https:\/\/www.skilife.ski\/fr\/wp-json\/wp\/v2\/pages\/9555"}],"wp:featuredmedia":[{"embeddable":true,"href":"https:\/\/www.skilife.ski\/fr\/wp-json\/wp\/v2\/media\/15769"}],"wp:attachment":[{"href":"https:\/\/www.skilife.ski\/fr\/wp-json\/wp\/v2\/media?parent=9580"}],"curies":[{"name":"wp","href":"https:\/\/api.w.org\/{rel}","templated":true}]}}